{"id":2776,"date":"2022-03-07T15:16:06","date_gmt":"2022-03-07T14:16:06","guid":{"rendered":"https:\/\/zupnijaloka.si\/?page_id=2776"},"modified":"2022-03-07T15:45:32","modified_gmt":"2022-03-07T14:45:32","slug":"prosnja-za-materialno-pomoc-za-ukrajino","status":"publish","type":"page","link":"https:\/\/zupnijaloka.si\/sl\/prosnja-za-materialno-pomoc-za-ukrajino\/","title":{"rendered":"PRO\u0160NJA ZA MATERIALNO POMO\u010c ZA UKRAJINO"},"content":{"rendered":"<div class=\"fw-page-builder-content\">\n<h1 class=\"fw-special-title\">PRO\u0160NJA ZA MATERIALNO POMO\u010c ZA UKRAJINO <\/h1>\n<h5 class=\"fw-special-title\">PRO\u0160NJA ZA MATERIALNO POMO\u010c ZA UKRAJINO<\/h5>\n<h5 class=\"fw-special-title\">6. nedelja med letom, 14. februarja 2021<\/h5>\n<h5 class=\"fw-special-title\">\u0160kofijska Karitas Celje je za\u010dela z zbiranjem sredstev za Ukrajino, ki nujno potrebuje na\u0161o pomo\u010d<\/h5>\n<h5 class=\"fw-special-title\">V teh dneh nas pretresajo vesti iz Ukrajine, ki se je zna\u0161la na vi\u0161ku hude krize. Pri Karitas tako napro\u0161ajo, da tamkaj\u0161njim prebivalcem, ki so se zna\u0161li sredi grozljivega dogajanja, pomagamo po svojih mo\u010deh.<\/h5>\n<h5 class=\"fw-special-title\">Tej pro\u0161nji se bomo odzvali v vseh treh na\u0161ih \u017eupnijah ter pomagali po svojih mo\u010deh in zmogljivostih. <\/h5>\n<h5 class=\"fw-special-title\">Ljudje v Ukrajini potrebujejo na\u0161o solidarnost in podporo, da bodo \u010dutili, da niso sami. Vabimo vse ljudi velikodu\u0161nih src, da po svojih mo\u010deh pomagajo trpe\u010dim v Ukrajini.<\/h5>\n<h5 class=\"fw-special-title\">Zbiramo: <\/h5>\n<h5 class=\"fw-special-title\">1. suha ali trajna ter dobro zapakirana osnovna \u017eivila, ki ne potrebujejo hlajenja (moka, testenine, mleko, olje, otro\u0161ka hrana, konzerve-pa\u0161teta, ribe, narezek\u2026), <\/h5>\n<h5 class=\"fw-special-title\">2. higienske pripomo\u010dke (pralni pra\u0161ek, univerzalna \u010distilo, milo in \u0161ampon za osebno nego, pasta in \u0161\u010detke), <\/h5>\n<h5 class=\"fw-special-title\">3. higienske rob\u010dke in plenice, <\/h5>\n<h5 class=\"fw-special-title\">4. vodo v plastenkah (original pakiranje)<\/h5>\n<h5 class=\"fw-special-title\">Humanitarni zbirni center bo v Fran\u010di\u0161kovi kapeli v Loki (zraven \u017eupnijske cerkve).<\/h5>\n<h5 class=\"fw-special-title\">Zbrana sredstva bo sprejemala ekipa prostovoljcev v sredo, 9. marca, od 10. do 12. ure in 16. do 18. ure.<\/h5>\n<h5 class=\"fw-special-title\">Ukrajina nas potrebuje tako materialno kot duhovno.<\/h5>\n<h5 class=\"fw-special-title\">Naj torej obmolkne oro\u017eje, \u010dim prej, vsaka ura je dragocena, vsako \u017eivljenje je sveto! Na\u0161e misli in na\u0161a srca so z Ukrajino!<\/h5>\n<h5 class=\"fw-special-title\">Vabljeni k solidarnosti in molitvi za mir, ter postnemu sporo\u010dilu: \u00bbNe naveli\u010dajmo se, ko delamo dobro\u00ab.<\/h5>\n<h5 class=\"fw-special-title\">Hvala in Bog povrni va\u0161o dobroto!<\/h5>\n<p> <img src=\"https:\/\/zupnijaloka.si\/wp-content\/uploads\/2022\/03\/pomagajmo-UKRAJINI.png\" alt=\"pomagajmo UKRAJINI\" data-maxdpr=\"1.7\" class=\"lazyload\" \/> <\/p>\n<h5 class=\"fw-special-title\">QR koda za mobilno banko<\/h5>\n<p> <img src=\"https:\/\/zupnijaloka.si\/wp-content\/uploads\/2022\/03\/QR-Pomoc-Ukrajini.png\" alt=\"QR-Pomoc-Ukrajini\" data-maxdpr=\"1.7\" width=\"250\" class=\"lazyload\" \/><br \/>\n <a href=\"https:\/\/www.karitas.si\/slovenska-karitas-zacenja-z-akcijo-zbiranja-sredstev-za-humanitarno-pomoc-trpecim-v-ukrajini\/\" target=\"_self\" class=\"fw-btn tf-sh-66a9c68d1b49f41636b834c50647b610 fw-btn-full fw-btn-lg fw-btn-1\" style=\"\"><br \/>\n Pvezava na Slovensko karitas, ki za\u010denja z akcijo zbiranja sredstev za humanitarno pomo\u010d trpe\u010dim v Ukrajini<br \/>\n <\/a><\/p>\n<p><!-- 4ddfab6d1cb355ec8b45facb175973b5 --><\/div>","protected":false},"excerpt":{"rendered":"<p>PRO\u0160NJA ZA MATERIALNO POMO\u010c ZA UKRAJINO PRO\u0160NJA ZA MATERIALNO POMO\u010c ZA UKRAJINO 6. nedelja med letom, 14. februarja 2021 \u0160kofijska Karitas Celje je za\u010dela z zbiranjem sredstev za Ukrajino, ki nujno potrebuje na\u0161o pomo\u010d V teh dneh nas pretresajo vesti iz Ukrajine, ki se je zna\u0161la na vi\u0161ku hude krize. Pri Karitas tako napro\u0161ajo, da [&hellip;]<\/p>","protected":false},"author":1,"featured_media":0,"parent":0,"menu_order":0,"comment_status":"closed","ping_status":"closed","template":"visual-builder-template.php","meta":[],"_links":{"self":[{"href":"https:\/\/zupnijaloka.si\/sl\/wp-json\/wp\/v2\/pages\/2776"}],"collection":[{"href":"https:\/\/zupnijaloka.si\/sl\/wp-json\/wp\/v2\/pages"}],"about":[{"href":"https:\/\/zupnijaloka.si\/sl\/wp-json\/wp\/v2\/types\/page"}],"author":[{"embeddable":true,"href":"https:\/\/zupnijaloka.si\/sl\/wp-json\/wp\/v2\/users\/1"}],"replies":[{"embeddable":true,"href":"https:\/\/zupnijaloka.si\/sl\/wp-json\/wp\/v2\/comments?post=2776"}],"version-history":[{"count":8,"href":"https:\/\/zupnijaloka.si\/sl\/wp-json\/wp\/v2\/pages\/2776\/revisions"}],"predecessor-version":[{"id":2790,"href":"https:\/\/zupnijaloka.si\/sl\/wp-json\/wp\/v2\/pages\/2776\/revisions\/2790"}],"wp:attachment":[{"href":"https:\/\/zupnijaloka.si\/sl\/wp-json\/wp\/v2\/media?parent=2776"}],"curies":[{"name":"wp","href":"https:\/\/api.w.org\/{rel}","templated":true}]}}